{"id":100,"date":"2014-10-03T10:37:49","date_gmt":"2014-10-03T07:37:49","guid":{"rendered":"http:\/\/www.ita-hameenkansantanssijat.fi\/?page_id=100"},"modified":"2025-11-05T08:16:41","modified_gmt":"2025-11-05T06:16:41","slug":"jasenistolle","status":"publish","type":"page","link":"http:\/\/www.ita-hameenkansantanssijat.fi\/?page_id=100","title":{"rendered":"J\u00e4senist\u00f6lle"},"content":{"rendered":"<p>\u00a0<\/p>\n<p>\u00a0<\/p>\n<p><strong>Kokouskutsu <\/strong><strong>Syyskokous<\/strong><\/p>\n<p>It\u00e4-H\u00e4meen kansantanssijat ry.n s\u00e4\u00e4nt\u00f6m\u00e4\u00e4r\u00e4inen syyskokous pidet\u00e4\u00e4n tiistaina 25. marraskuuta 2025 alkaen klo 19.00. Kokouspaikka on Kivimaansali Savontie 19, Heinola. Kokouksessa k\u00e4sitell\u00e4\u00e4n s\u00e4\u00e4nt\u00f6m\u00e4\u00e4r\u00e4iset syyskokousasiat sek\u00e4 p\u00e4\u00e4tet\u00e4\u00e4n ensi kes\u00e4n tanssien j\u00e4rjest\u00e4misest\u00e4.<\/p>\n<p><strong>Pikkujoulut.<\/strong><\/p>\n<p>Seuran pikkujoulut pidet\u00e4\u00e4n lauantaina 22. Marraskuuta alkaen klo 15.00 Rievelinmutkan kodassa Imj\u00e4rvell\u00e4 os: Rievelinmutka 3, 18300 Heinola.<\/p>\n<p>Sy\u00f6miset tarjoaa It\u00e4-H\u00e4meen kansantanssijat ry, mutta juomisista huolehtii jokainen itse, kuten my\u00f6s kuljetuksista.<\/p>\n<p>Sitovat ilmoittautumiset voi hoitaa listaan harjoituksissa, tai puhelimitse Tuomolle 0400 710245.<\/p>\n<p><strong>Hollo ja Martta.<\/strong><\/p>\n<p>Kiitoksia j\u00e4senille hyvin hoidetusta kansainv\u00e4lisest\u00e4 illasta. Lippuja myytiin yli 70 ja kaikki olivat n\u00e4kem\u00e4\u00e4ns\u00e4 ja kokemaansa tyytyv\u00e4isi\u00e4. Paikalta poistui hymyilevi\u00e4 ihmisi\u00e4. Tsekkil\u00e4isvieraatkin olivat tyytyv\u00e4isi\u00e4 tapahtumaan. Ja mik\u00e4 t\u00e4rkeint\u00e4, tilaisuus kartutti seuran pankkitili\u00e4 aika mukavasti.<\/p>\n<p>\u00a0<\/p>\n<p>Terveisin<\/p>\n<p>Tuomo<\/p>\n<p>J\u00e4sentiedote 4\/2024<\/p>\n<p><strong>Kes\u00e4tanssit<\/strong><\/p>\n<p>Iso kiitos tanssien tekemiseen osallistuneille. V\u00e4ke\u00e4 k\u00e4vi Kisahallilla tanssimassa yht\u00e4 vaille kaikissa tansseissa reilut 100 jalkaparia. Enn\u00e4tys tehtiin viime torstaina, kun Teemu Harjukari houkutteli paikalle 184 maksanutta tanssijaa. Tansseista j\u00e4i jotain viivan alle ja rahaa tarvitaankin 30 vuotis-juhlan j\u00e4rjest\u00e4miseen.<\/p>\n<p>Kes\u00e4tanssien palauteilta vietet\u00e4\u00e4n torstaina 05.09 alkaen klo 17.00 Kari Honkasen m\u00f6kill\u00e4 Pertunmaalla os. Kirvessaarentie 69. Kaikki tanssien j\u00e4rjest\u00e4miseen osallistuneet ovat tervetulleita. Saunomisvarusteet mukaan.<\/p>\n<p><strong>Syyskauden harjoitukset.<\/strong><\/p>\n<p>Aloitetaan syyskausi keskiviikkona 04.09 klo 18.00 Kivimaan salissa Lyseolla molempien ryhmien yhteisharjoituksella. Ensimm\u00e4isess\u00e4 kohtaamisessa on tarkoitus valokuvata 30v juhlaa varten mainoskuvat. Sit\u00e4 varten on sonnustauduttava kansallispukuun. Toivotaan kaikkien osallistuvat, ett\u00e4 saadaan suunniteltu kuva aikaiseksi. T\u00e4ss\u00e4 ensimm\u00e4isess\u00e4 kokoontumisessa kaavaillaan suuntaviivoja syksyn toimintaan.<\/p>\n<p>T\u00e4m\u00e4n ensimm\u00e4isen kokoontumisen j\u00e4lkeen harjoitukset jatkuvat entisell\u00e4 systeemill\u00e4. Hannun ryhm\u00e4 kokoontuu tiistaisin ja Annamaijan keskiviikkoisin klo 18.00 ja paikka on edelleen tuo Kivimaan Sali.\u00a0<\/p>\n<p><strong>30v juhla<\/strong><\/p>\n<p>IHKT ry.n 30 v juhla j\u00e4rjestet\u00e4\u00e4n 26.10.2024 WPK-talolla ja p\u00e4\u00e4juhla kutsuvieraille ja 80 onnelliselle p\u00e4\u00e4sylipun lunastaneelle alkaa klo 13.00. Muistamisia otetaan vastaan jo klo 12.30. Juhlan ohjelma alkaa hahmotumaan ja meid\u00e4n tanssiosuutta aletaan harjoittelemaan heti syyskauden alussa. Juhlan p\u00e4\u00e4esiintyj\u00e4n\u00e4 on ukrainalainen tanssiryhm\u00e4. Asukoodi p\u00e4\u00e4juhlaan omalle v\u00e4elle on kansallispuku. T\u00e4ss\u00e4 tilaisuudessa osallistujille tarjotaan kakkukahvit. Juhlailta jatkuu omalle v\u00e4elle avecin kanssa illallisen ja tanssin muodossa samassa paikassa klo 17.00. Tanssitahdeista vastaa Pepe Niilahti.<\/p>\n<p><strong>J\u00e4sentiedote 1\/23<\/strong><\/p>\n<p><strong>\u00a0<\/strong>Ensiksi haluan toivottaa kaikille Hyv\u00e4\u00e4 Uutta Vuotta 2023.<\/p>\n<p><strong>Harjoitukset.<\/strong><\/p>\n<p>Kev\u00e4t kauden harjoitukset alkaa tammikuussa uudella paikalla. Vierailu Tommola-talolla j\u00e4i, onneksi, lyhyeksi ja tammikuussa tutustutaan uuteen harjoitussaliin, Kivimaan saliin Lyseonm\u00e4en koululla. Harjoitusajat on tutut klo 18.00-20.00 ja t\u00e4m\u00e4 koskee nyt molempia ryhmi\u00e4. Harjoitukset alkavat tiistaina 10.01.2023 klo 18.00 ja keskiviikkona 11.01.2023 klo 18.00.<\/p>\n<p><strong>Iltamat.<\/strong><\/p>\n<p>Kev\u00e4\u00e4ll\u00e4 on tarkoitus j\u00e4rjest\u00e4\u00e4 taas iltamat. Perinteisesti ne on pidetty huhtikuun viimeisell\u00e4 viikolla ja yrit\u00e4n saada WPK-talon varattua keskiviikoksi 26.04.2023. Palataan asialle, kun asiat selvi\u00e4\u00e4.<\/p>\n<p><strong>Kes\u00e4tanssit.<\/strong><\/p>\n<p>Kes\u00e4ll\u00e4 pidet\u00e4\u00e4n kuudet tanssit Kuortin Kisahallissa keskiviikkoisin yhteisty\u00f6ss\u00e4 Pertunmaan el\u00e4kel\u00e4isten kanssa. Samaan tapaan kuin viime kes\u00e4n\u00e4. Tanssip\u00e4iv\u00e4t on 07.06 jolloin esiintyy Minna \u00c4ik\u00e4s. 21.06, 05.07, 19.07, 02.08 esiintyy Minna \u00c4ik\u00e4s. P\u00e4\u00e4t\u00f6stanssit on 16.08. Yksi tanssi-ilta j\u00e4rjestyy kuuden hengen porukalla. Kaksi vastaa lipunmyynnist\u00e4, kaksi parkkipaikasta ja j\u00e4rkk\u00e4reit\u00e4 pit\u00e4\u00e4 olla kaksi, joten v\u00e4ke\u00e4 tarvitaan n\u00e4ihin varainkeruuhommiin. Samalla saa harrastaa liikuntaa hyv\u00e4n musiikin tahtiin. Tarkastelkaapa kalenterianne, ett\u00e4 mitk\u00e4 p\u00e4iv\u00e4t sopii kullekin. Lista py\u00f6rii harkoissa.<\/p>\n<p>Terveisin<\/p>\n<p>Tuomo<\/p>\n<p>\u00a0<\/p>\n<p><strong>J\u00e4sentiedote 5\/2022<\/strong><\/p>\n<p><strong>\u00a0<\/strong><strong>Syyskauden harjoitukset<\/strong><\/p>\n<p>Meid\u00e4n pitk\u00e4aikainen harjoitussali WPK-talo j\u00e4\u00e4 pois harrastusk\u00e4yt\u00f6st\u00e4 ja meid\u00e4nkin piti l\u00e4hte\u00e4 etsim\u00e4\u00e4n uusia tiloja tanhuharjoituksia varten. Uusi \u201dkoti\u201d l\u00f6ytyi Tommola talosta osoitteesta Hiidenhaudantie 2. Syyskauden harjoitukset alkavat tiistaina 6 syyskuuta klo 18.00 tiistairyhm\u00e4n osalta. Keskiviikkoryhm\u00e4n harjoitusaika jouduttiin ruuhkien vuoksi muuttamaan niin, ett\u00e4 harjoitukset alkavat keskiviikkoisin vasta klo 18.30. Ensimm\u00e4inen keskiviikkoryhm\u00e4n kokoontuminen on siis 7. syyskuuta klo 18.30.<\/p>\n<p>K\u00e4ynti Tommola taloon ja salin pukuhuoneisiin tapahtuu Tommola talon kaupungin puoleisesta sis\u00e4\u00e4nk\u00e4ynnist\u00e4, joka on auki viisitoista minuuttia ennen harjoitusvuoron alkua. Harjoituksiin onkin saavuttava ajoissa, sill\u00e4 ovi lukittuu sill\u00e4 kellonly\u00f6m\u00e4ll\u00e4 kun harjoitukset alkaa eli tiistaina klo 18.00 ja keskiviikkona klo 18.30. My\u00f6h\u00e4styneiden onkin yritett\u00e4v\u00e4 puhelimella her\u00e4tt\u00e4\u00e4 joku tanssijoista avaamaan ovi.<\/p>\n<p>\u00a0<\/p>\n<p><strong>Hollo ja Martta festivaali<\/strong><\/p>\n<p>Perinteinen kansantanssifestivaali Hollo ja Martta ulottaa ohjelmatarjontansa j\u00e4lleen my\u00f6s Heinolaan. J\u00e4rjest\u00e4mme WPK-talolla (ohjelmalliset illanvietot ovat edelleen mahdollisia WPK-talolla) Kroatialaisen illan. Keskiviikkona 02. marraskuuta salin lavalle kipuaa Krk-saarelta kotoisin oleva Punat-ryhm\u00e4. Tilaisuus alkaa klo 18.00. Pankaapa sana kiert\u00e4m\u00e4\u00e4n.<\/p>\n<p>\u00a0<\/p>\n<p><strong>Kes\u00e4tanssit<\/strong><\/p>\n<p>J\u00e4rjestimme kuluneen kes\u00e4n aikana kolmet tanssit Kuortin Kisahallissa yhdess\u00e4 Pertunmaan el\u00e4kel\u00e4isten kanssa. Me hoidimme yleiset j\u00e4rjestelyt ja el\u00e4kel\u00e4iset huolehtivat kahviosta. Palaute tanssijoita oli kauttaaltaan positiivinen ja n\u00e4ille tansseille oli ilmiselv\u00e4sti tilaus. Taloudellisestikin tanssit olivat seuralle tuottoisat. Viivan alle j\u00e4i l\u00e4hes pari tuhatta euroa k\u00e4ytett\u00e4v\u00e4ksi seuran toimintaan.<\/p>\n<p>\u00a0<\/p>\n<p><strong>Viestint\u00e4<\/strong><\/p>\n<p>Allekirjoittanut joutuu aina silloin t\u00e4ll\u00f6in kyselem\u00e4\u00e4n erin\u00e4isi\u00e4 asioita j\u00e4senist\u00f6lt\u00e4 tekstiviestein. Yleens\u00e4 kyse on asiasta mik\u00e4 on riippuvainen jonkinasteisesta aikataulusta. En viestittele turhista asioista ja minullakin on aina n\u00e4iss\u00e4 asioissa takaraja mink\u00e4 puitteissa on toimittava. Pyyd\u00e4nkin n\u00f6yr\u00e4sti, ett\u00e4 aina kun saatte minulta viestin jossa kysell\u00e4\u00e4n osallistumista johonkin tapahtumaan tai asiaan, niin vastatkaa viestiin oli vastaus kyll\u00e4 tai ei.<\/p>\n<p>TerveisinTuomo<\/p>\n<p>\u00a0<\/p>\n<p><strong>J\u00e4sentiedote 4\/21<\/strong><\/p>\n<p><strong>Harjoitukset;<\/strong><\/p>\n<p>Syksyn harjoitukset ovat k\u00e4ynnistyneet ja vanhoja sek\u00e4 joitain uusia askelikkoja on tungettu osallistujien lihasmuistiin. Harkat jatkuu joulukuulle tiistaisin ja keskiviikkoisin WPK-talolla alkaen klo 18.00. Jos tulee muutoksia, niin niist\u00e4 kerrotaan seuran <a href=\"http:\/\/www.sivuilla\">www.sivuilla<\/a> os: <a href=\"http:\/\/www.itahameenkansantanssijat.fi\">www.itahameenkansantanssijat.fi<\/a>, joita pyrit\u00e4\u00e4n p\u00e4ivitt\u00e4m\u00e4\u00e4n jatkuvasti.<\/p>\n<p><strong>Hollo ja Martta festivaalin kansainv\u00e4linen ilta<\/strong><\/p>\n<p>Yksi seuramme syksyn t\u00e4rkeist\u00e4 tapahtumista on perinteisen Hollo ja Martta kansantanssifestivaalin kansainv\u00e4linen ilta WPK-talolla keskiviikkona 03.11. Vieraaksemme saapuu unkarilainen ryhm\u00e4. Tiistairyhm\u00e4 treenaa parhaillaan omaa ohjelmanumeroa tilaisuuteen. Illan sujuva l\u00e4pivienti vaatii lis\u00e4ksi useiden henkil\u00f6iden ty\u00f6panoksen. Tekij\u00f6it\u00e4 tarvitaan lipunmyyntiin, j\u00e4rjestyksen valvontaan, arpamyyntiin ja kahvilaan. Ilmoitelkaa mihin \u201dvirkaan\u201d haluatte harjoituksissa olevan listaan tai suoraan minulle. Lis\u00e4ksi tarvitaan arpajaisvoittoja. Kun jokainen tuo kaksi v\u00e4hint\u00e4\u00e4n kahden euron arvoista palkintoa, niin saadaan aikaiseksi kunnon arpajaiset. Arvan myynti on t\u00e4rke\u00e4\u00e4 seuran talouden kannalta.<\/p>\n<p><strong>Matka Hollo ja Martta festivaalin p\u00e4\u00e4konserttiin<\/strong><\/p>\n<p>Hollo ja Martta festivaalin p\u00e4\u00e4konsertti vietet\u00e4\u00e4n Lahden kaupunginteatterin Juhani n\u00e4ytt\u00e4m\u00f6ll\u00e4 lauantaina 6 pn\u00e4 marraskuuta alkaen klo 16.00. J\u00e4rjest\u00e4mme matkan ko. konserttiin seuran kustannuksella. Matkan aikataulu tarkentuu my\u00f6hemmin. Sitovat ilmoittautumiset harkoissa esill\u00e4 olevaan listaan tai minulle puhelimitse.<\/p>\n<p><strong>Syyskokous<\/strong><\/p>\n<p>Seuran syyskokous pidet\u00e4\u00e4n tiistaina 09.11.2021 ja varsinaisten syyskokousasioiden lis\u00e4ksi kokouksessa p\u00e4\u00e4tet\u00e4\u00e4n makasiinitanssien jatkosta ja mahdollisuudesta j\u00e4rjest\u00e4\u00e4 tansseja talviaikaan WPK-talolla. Makasiinin vuokranantaja vaihtuu ja t\u00e4ss\u00e4 yhteydess\u00e4 meid\u00e4n on mietitt\u00e4v\u00e4 vuokrasopimuksen jatkoa.<\/p>\n<p>Syysterveisin<\/p>\n<p>-Tuomo<\/p>\n<h2>\u00a0<\/h2>\n<p>\u00a0<\/p>\n\n\n<p><\/p>\n","protected":false},"excerpt":{"rendered":"<p>\u00a0 \u00a0 Kokouskutsu Syyskokous It\u00e4-H\u00e4meen kansantanssijat ry.n s\u00e4\u00e4nt\u00f6m\u00e4\u00e4r\u00e4inen syyskokous pidet\u00e4\u00e4n tiistaina 25. marraskuuta 2025 alkaen klo 19.00. Kokouspaikka on Kivimaansali Savontie 19, Heinola. Kokouksessa k\u00e4sitell\u00e4\u00e4n s\u00e4\u00e4nt\u00f6m\u00e4\u00e4r\u00e4iset syyskokousasiat sek\u00e4 p\u00e4\u00e4tet\u00e4\u00e4n ensi kes\u00e4n tanssien j\u00e4rjest\u00e4misest\u00e4. Pikkujoulut. Seuran pikkujoulut pidet\u00e4\u00e4n lauantaina 22. Marraskuuta alkaen klo 15.00 Rievelinmutkan kodassa Imj\u00e4rvell\u00e4 os: Rievelinmutka 3, 18300 Heinola. Sy\u00f6miset tarjoaa It\u00e4-H\u00e4meen kansantanssijat [&hellip;]<\/p>\n","protected":false},"author":1,"featured_media":0,"parent":0,"menu_order":0,"comment_status":"closed","ping_status":"closed","template":"","meta":[],"_links":{"self":[{"href":"http:\/\/www.ita-hameenkansantanssijat.fi\/index.php?rest_route=\/wp\/v2\/pages\/100"}],"collection":[{"href":"http:\/\/www.ita-hameenkansantanssijat.fi\/index.php?rest_route=\/wp\/v2\/pages"}],"about":[{"href":"http:\/\/www.ita-hameenkansantanssijat.fi\/index.php?rest_route=\/wp\/v2\/types\/page"}],"author":[{"embeddable":true,"href":"http:\/\/www.ita-hameenkansantanssijat.fi\/index.php?rest_route=\/wp\/v2\/users\/1"}],"replies":[{"embeddable":true,"href":"http:\/\/www.ita-hameenkansantanssijat.fi\/index.php?rest_route=%2Fwp%2Fv2%2Fcomments&post=100"}],"version-history":[{"count":55,"href":"http:\/\/www.ita-hameenkansantanssijat.fi\/index.php?rest_route=\/wp\/v2\/pages\/100\/revisions"}],"predecessor-version":[{"id":397,"href":"http:\/\/www.ita-hameenkansantanssijat.fi\/index.php?rest_route=\/wp\/v2\/pages\/100\/revisions\/397"}],"wp:attachment":[{"href":"http:\/\/www.ita-hameenkansantanssijat.fi\/index.php?rest_route=%2Fwp%2Fv2%2Fmedia&parent=100"}],"curies":[{"name":"wp","href":"https:\/\/api.w.org\/{rel}","templated":true}]}}